{"id":13961,"date":"2022-10-19T21:38:58","date_gmt":"2022-10-19T21:38:58","guid":{"rendered":"https:\/\/kullaarchitekten-cz0lrrcsh5.live-website.com\/?page_id=13961"},"modified":"2022-10-25T22:19:57","modified_gmt":"2022-10-25T22:19:57","slug":"our-team-2-2","status":"publish","type":"page","link":"https:\/\/kulla-architekten.de\/?page_id=13961","title":{"rendered":"Impressum"},"content":{"rendered":"\t\t<div data-elementor-type=\"wp-page\" data-elementor-id=\"13961\" class=\"elementor elementor-13961\">\n\t\t\t\t\t\t<section class=\"elementor-section elementor-top-section elementor-element elementor-element-8e24447 elementor-section-boxed elementor-section-height-default elementor-section-height-default qodef-elementor-content-no\" data-id=\"8e24447\" data-element_type=\"section\">\n\t\t\t\t\t\t<div class=\"elementor-container elementor-column-gap-default\">\n\t\t\t\t\t<div class=\"elementor-column elementor-col-100 elementor-top-column elementor-element elementor-element-6a376ac\" data-id=\"6a376ac\" data-element_type=\"column\">\n\t\t\t<div class=\"elementor-widget-wrap elementor-element-populated\">\n\t\t\t\t\t\t<div class=\"elementor-element elementor-element-b463169 elementor-widget elementor-widget-text-editor\" data-id=\"b463169\" data-element_type=\"widget\" data-widget_type=\"text-editor.default\">\n\t\t\t\t<div class=\"elementor-widget-container\">\n\t\t\t<style>\/*! elementor - v3.19.0 - 05-02-2024 *\/\n.elementor-widget-text-editor.elementor-drop-cap-view-stacked .elementor-drop-cap{background-color:#69727d;color:#fff}.elementor-widget-text-editor.elementor-drop-cap-view-framed .elementor-drop-cap{color:#69727d;border:3px solid;background-color:transparent}.elementor-widget-text-editor:not(.elementor-drop-cap-view-default) .elementor-drop-cap{margin-top:8px}.elementor-widget-text-editor:not(.elementor-drop-cap-view-default) .elementor-drop-cap-letter{width:1em;height:1em}.elementor-widget-text-editor .elementor-drop-cap{float:left;text-align:center;line-height:1;font-size:50px}.elementor-widget-text-editor .elementor-drop-cap-letter{display:inline-block}<\/style>\t\t\t\t<p><b style=\"background-color: #ffffff; caret-color: #111111; color: #111111; font-family: Oswald, sans-serif; font-size: 14px; letter-spacing: 1px; font-style: inherit; text-transform: inherit;\">INHABER:<\/b><\/p><p><span style=\"background-color: #ffffff; caret-color: #111111; color: #111111; font-family: Oswald, sans-serif; font-size: 14px; letter-spacing: 1px;\">Dipl.-Ing. Joachim Kulla<\/span><br style=\"caret-color: #111111; color: #111111; font-family: Oswald, sans-serif; font-size: 14px; letter-spacing: 1px;\" \/><span style=\"background-color: #ffffff; caret-color: #111111; color: #111111; font-family: Oswald, sans-serif; font-size: 14px; letter-spacing: 1px;\">freier Architekt<\/span><\/p><p><span style=\"background-color: #ffffff; caret-color: #111111; color: #111111; font-family: Oswald, sans-serif; font-size: 14px; letter-spacing: 1px;\"><b>ADRESSE:<\/b><\/span><span style=\"background-color: #ffffff; caret-color: #111111; color: #111111; font-family: Oswald, sans-serif; font-size: 14px; letter-spacing: 1px;\"><br \/><\/span><\/p><p><span style=\"background-color: #ffffff; caret-color: #111111; color: #111111; font-family: Oswald, sans-serif; font-size: 14px; letter-spacing: 1px;\">Kulla Architekten<\/span><br style=\"caret-color: #111111; color: #111111; font-family: Oswald, sans-serif; font-size: 14px; letter-spacing: 1px;\" \/><span style=\"background-color: #ffffff; caret-color: #111111; color: #111111; font-family: Oswald, sans-serif; font-size: 14px; letter-spacing: 1px;\">Hauptstra\u00dfe 29<\/span><br style=\"caret-color: #111111; color: #111111; font-family: Oswald, sans-serif; font-size: 14px; letter-spacing: 1px;\" \/><span style=\"background-color: #ffffff; caret-color: #111111; color: #111111; font-family: Oswald, sans-serif; font-size: 14px; letter-spacing: 1px;\">65795 Hattersheim am Main<\/span><br style=\"caret-color: #111111; color: #111111; font-family: Oswald, sans-serif; font-size: 14px; letter-spacing: 1px;\" \/><span style=\"background-color: #ffffff; caret-color: #111111; color: #111111; font-family: Oswald, sans-serif; font-size: 14px; letter-spacing: 1px;\">T: 06190 99 00 90<\/span><br style=\"caret-color: #111111; color: #111111; font-family: Oswald, sans-serif; font-size: 14px; letter-spacing: 1px;\" \/><span style=\"background-color: #ffffff; caret-color: #111111; color: #111111; font-family: Oswald, sans-serif; font-size: 14px; letter-spacing: 1px;\">F: 06190 99 00 99<\/span><br style=\"caret-color: #111111; color: #111111; font-family: Oswald, sans-serif; font-size: 14px; letter-spacing: 1px;\" \/><span style=\"background-color: #ffffff; caret-color: #111111; color: #111111; font-family: Oswald, sans-serif; font-size: 14px; letter-spacing: 1px;\">E: mail@kulla-architekten.de<\/span><br style=\"caret-color: #111111; color: #111111; font-family: Oswald, sans-serif; font-size: 14px; letter-spacing: 1px;\" \/><br style=\"caret-color: #111111; color: #111111; font-family: Oswald, sans-serif; font-size: 14px; letter-spacing: 1px;\" \/><span style=\"background-color: #ffffff; caret-color: #111111; color: #111111; font-family: Oswald, sans-serif; font-size: 14px; letter-spacing: 1px;\">An der Burgkirche 11<\/span><br style=\"caret-color: #111111; color: #111111; font-family: Oswald, sans-serif; font-size: 14px; letter-spacing: 1px;\" \/><span style=\"background-color: #ffffff; caret-color: #111111; color: #111111; font-family: Oswald, sans-serif; font-size: 14px; letter-spacing: 1px;\">55218 Ingelheim am Rhein<\/span><br style=\"caret-color: #111111; color: #111111; font-family: Oswald, sans-serif; font-size: 14px; letter-spacing: 1px;\" \/><span style=\"background-color: #ffffff; caret-color: #111111; color: #111111; font-family: Oswald, sans-serif; font-size: 14px; letter-spacing: 1px;\">T: 06132 71 96 911<\/span><br style=\"caret-color: #111111; color: #111111; font-family: Oswald, sans-serif; font-size: 14px; letter-spacing: 1px;\" \/><span style=\"background-color: #ffffff; caret-color: #111111; color: #111111; font-family: Oswald, sans-serif; font-size: 14px; letter-spacing: 1px;\">F: 06132 71 96 912<\/span><br style=\"caret-color: #111111; color: #111111; font-family: Oswald, sans-serif; font-size: 14px; letter-spacing: 1px;\" \/><span style=\"background-color: #ffffff; caret-color: #111111; color: #111111; font-family: Oswald, sans-serif; font-size: 14px; letter-spacing: 1px;\">E: mail@kulla-architekten.de<\/span><span style=\"background-color: #ffffff; caret-color: #111111; color: #111111; font-family: Oswald, sans-serif; font-size: 14px; letter-spacing: 1px;\"><b><br \/><\/b><\/span><\/p><p><span style=\"background-color: #ffffff; caret-color: #111111; color: #111111; font-family: Oswald, sans-serif; font-size: 14px; letter-spacing: 1px;\"><b>STEUERINFORMATIONEN:<\/b><\/span><span style=\"background-color: #ffffff; caret-color: #111111; color: #111111; font-family: Oswald, sans-serif; font-size: 14px; letter-spacing: 1px;\"><br \/><\/span><\/p><p><span style=\"background-color: #ffffff; caret-color: #111111; color: #111111; font-family: Oswald, sans-serif; font-size: 14px; letter-spacing: 1px;\">Steuernummer: 046 83931529<\/span><br style=\"caret-color: #111111; color: #111111; font-family: Oswald, sans-serif; font-size: 14px; letter-spacing: 1px;\" \/><span style=\"background-color: #ffffff; caret-color: #111111; color: #111111; font-family: Oswald, sans-serif; font-size: 14px; letter-spacing: 1px;\">Finanzamt Hofheim<\/span><br style=\"caret-color: #111111; color: #111111; font-family: Oswald, sans-serif; font-size: 14px; letter-spacing: 1px;\" \/><span style=\"background-color: #ffffff; caret-color: #111111; color: #111111; font-family: Oswald, sans-serif; font-size: 14px; letter-spacing: 1px;\">UST-ID: DE165091854<\/span><span style=\"background-color: #ffffff; caret-color: #111111; color: #111111; font-family: Oswald, sans-serif; font-size: 14px; letter-spacing: 1px;\"><b><br \/><\/b><\/span><\/p><p><span style=\"background-color: #ffffff; caret-color: #111111; color: #111111; font-family: Oswald, sans-serif; font-size: 14px; letter-spacing: 1px;\"><b>ZUST\u00c4NDIGE KAMMERN:<\/b><\/span><span style=\"background-color: #ffffff; caret-color: #111111; color: #111111; font-family: Oswald, sans-serif; font-size: 14px; letter-spacing: 1px;\"><br \/><\/span><\/p><p><span style=\"background-color: #ffffff; caret-color: #111111; color: #111111; font-family: Oswald, sans-serif; font-size: 14px; letter-spacing: 1px;\">Architekten- &amp; Stadtplanerkammer Hessen,\u00a0<\/span><br style=\"caret-color: #111111; color: #111111; font-family: Oswald, sans-serif; font-size: 14px; letter-spacing: 1px;\" \/><span style=\"background-color: #ffffff; caret-color: #111111; color: #111111; font-family: Oswald, sans-serif; font-size: 14px; letter-spacing: 1px;\">K\u00f6rperschaft des \u00f6ffentlichen Rechts<\/span><br style=\"caret-color: #111111; color: #111111; font-family: Oswald, sans-serif; font-size: 14px; letter-spacing: 1px;\" \/><span style=\"background-color: #ffffff; caret-color: #111111; color: #111111; font-family: Oswald, sans-serif; font-size: 14px; letter-spacing: 1px;\">Bierst\u00e4dter Stra\u00dfe 2<\/span><br style=\"caret-color: #111111; color: #111111; font-family: Oswald, sans-serif; font-size: 14px; letter-spacing: 1px;\" \/><span style=\"background-color: #ffffff; caret-color: #111111; color: #111111; font-family: Oswald, sans-serif; font-size: 14px; letter-spacing: 1px;\">65189 Wiesbaden<\/span><br style=\"caret-color: #111111; color: #111111; font-family: Oswald, sans-serif; font-size: 14px; letter-spacing: 1px;\" \/><span style=\"background-color: #ffffff; caret-color: #111111; color: #111111; font-family: Oswald, sans-serif; font-size: 14px; letter-spacing: 1px;\">T: 0611 17 38 0<\/span><br style=\"caret-color: #111111; color: #111111; font-family: Oswald, sans-serif; font-size: 14px; letter-spacing: 1px;\" \/><span style=\"background-color: #ffffff; caret-color: #111111; color: #111111; font-family: Oswald, sans-serif; font-size: 14px; letter-spacing: 1px;\">F: 0611 17 38 40<\/span><br style=\"caret-color: #111111; color: #111111; font-family: Oswald, sans-serif; font-size: 14px; letter-spacing: 1px;\" \/><span style=\"background-color: #ffffff; caret-color: #111111; color: #111111; font-family: Oswald, sans-serif; font-size: 14px; letter-spacing: 1px;\">E: info@akh.de<\/span><br style=\"caret-color: #111111; color: #111111; font-family: Oswald, sans-serif; font-size: 14px; letter-spacing: 1px;\" \/><span style=\"background-color: #ffffff; caret-color: #111111; color: #111111; font-family: Oswald, sans-serif; font-size: 14px; letter-spacing: 1px;\">I: http:\/\/www.akh.de<\/span><br style=\"caret-color: #111111; color: #111111; font-family: Oswald, sans-serif; font-size: 14px; letter-spacing: 1px;\" \/><br style=\"caret-color: #111111; color: #111111; font-family: Oswald, sans-serif; font-size: 14px; letter-spacing: 1px;\" \/><span style=\"background-color: #ffffff; caret-color: #111111; color: #111111; font-family: Oswald, sans-serif; font-size: 14px; letter-spacing: 1px;\">Architektenkammer Rheinland-Pfalz,<\/span><br style=\"caret-color: #111111; color: #111111; font-family: Oswald, sans-serif; font-size: 14px; letter-spacing: 1px;\" \/><span style=\"background-color: #ffffff; caret-color: #111111; color: #111111; font-family: Oswald, sans-serif; font-size: 14px; letter-spacing: 1px;\">K\u00f6rperschaft des \u00f6ffentlichen Rechts<\/span><br style=\"caret-color: #111111; color: #111111; font-family: Oswald, sans-serif; font-size: 14px; letter-spacing: 1px;\" \/><span style=\"background-color: #ffffff; caret-color: #111111; color: #111111; font-family: Oswald, sans-serif; font-size: 14px; letter-spacing: 1px;\">Hindenburgplatz 6<\/span><br style=\"caret-color: #111111; color: #111111; font-family: Oswald, sans-serif; font-size: 14px; letter-spacing: 1px;\" \/><span style=\"background-color: #ffffff; caret-color: #111111; color: #111111; font-family: Oswald, sans-serif; font-size: 14px; letter-spacing: 1px;\">55118 Mainz<\/span><br style=\"caret-color: #111111; color: #111111; font-family: Oswald, sans-serif; font-size: 14px; letter-spacing: 1px;\" \/><span style=\"background-color: #ffffff; caret-color: #111111; color: #111111; font-family: Oswald, sans-serif; font-size: 14px; letter-spacing: 1px;\">T: 06131 99 60 0<\/span><br style=\"caret-color: #111111; color: #111111; font-family: Oswald, sans-serif; font-size: 14px; letter-spacing: 1px;\" \/><span style=\"background-color: #ffffff; caret-color: #111111; color: #111111; font-family: Oswald, sans-serif; font-size: 14px; letter-spacing: 1px;\">F: 06131 61 49 26<\/span><br style=\"caret-color: #111111; color: #111111; font-family: Oswald, sans-serif; font-size: 14px; letter-spacing: 1px;\" \/><span style=\"background-color: #ffffff; caret-color: #111111; color: #111111; font-family: Oswald, sans-serif; font-size: 14px; letter-spacing: 1px;\">E: info@diearchitekten.org<\/span><br style=\"caret-color: #111111; color: #111111; font-family: Oswald, sans-serif; font-size: 14px; letter-spacing: 1px;\" \/><span style=\"background-color: #ffffff; caret-color: #111111; color: #111111; font-family: Oswald, sans-serif; font-size: 14px; letter-spacing: 1px;\">I: http:\/\/www.diearchitekten.org<\/span><span style=\"background-color: #ffffff; caret-color: #111111; color: #111111; font-family: Oswald, sans-serif; font-size: 14px; letter-spacing: 1px;\"><b><br \/><\/b><\/span><\/p><p><span style=\"background-color: #ffffff; caret-color: #111111; color: #111111; font-family: Oswald, sans-serif; font-size: 14px; letter-spacing: 1px;\"><b>GESETZLICHE BERUFSBEZEICHNUNG:<\/b><\/span><span style=\"background-color: #ffffff; caret-color: #111111; color: #111111; font-family: Oswald, sans-serif; font-size: 14px; letter-spacing: 1px;\"><br \/><\/span><\/p><p><span style=\"background-color: #ffffff; caret-color: #111111; color: #111111; font-family: Oswald, sans-serif; font-size: 14px; letter-spacing: 1px;\">Freier Architekt, Berufsbezeichnung verliehen in der Bundesrepublik Deutschland<\/span><span style=\"background-color: #ffffff; caret-color: #111111; color: #111111; font-family: Oswald, sans-serif; font-size: 14px; letter-spacing: 1px;\"><b><br \/><\/b><\/span><\/p><p><span style=\"background-color: #ffffff; caret-color: #111111; color: #111111; font-family: Oswald, sans-serif; font-size: 14px; letter-spacing: 1px;\"><b>BERUFSRECHLICHE REGELUNGEN:<\/b><\/span><span style=\"background-color: #ffffff; caret-color: #111111; color: #111111; font-family: Oswald, sans-serif; font-size: 14px; letter-spacing: 1px;\"><br \/><\/span><\/p><p><span style=\"background-color: #ffffff; caret-color: #111111; color: #111111; font-family: Oswald, sans-serif; font-size: 14px; letter-spacing: 1px;\">Grundlage f\u00fcr den T\u00e4tigkeit ist das Architektengesetz in seiner novellierten Fassung vom 16. Dezember 2005\u00a0<\/span><span style=\"background-color: #ffffff; caret-color: #111111; color: #111111; font-family: Oswald, sans-serif; font-size: 14px; letter-spacing: 1px;\"><b><br \/><\/b><\/span><\/p><p><span style=\"background-color: #ffffff; caret-color: #111111; color: #111111; font-family: Oswald, sans-serif; font-size: 14px; letter-spacing: 1px;\"><b>HAFTUNGSAUSSCHLUSS:<\/b><\/span><span style=\"background-color: #ffffff; caret-color: #111111; color: #111111; font-family: Oswald, sans-serif; font-size: 14px; letter-spacing: 1px;\"><br \/><\/span><\/p><p><span style=\"background-color: #ffffff; caret-color: #111111; color: #111111; font-family: Oswald, sans-serif; font-size: 14px; letter-spacing: 1px;\">Verantwortlich f\u00fcr den Inhalt\u00a0<\/span><br style=\"caret-color: #111111; color: #111111; font-family: Oswald, sans-serif; font-size: 14px; letter-spacing: 1px;\" \/><span style=\"background-color: #ffffff; caret-color: #111111; color: #111111; font-family: Oswald, sans-serif; font-size: 14px; letter-spacing: 1px;\">Kulla Architekten\u00a0<\/span><br style=\"caret-color: #111111; color: #111111; font-family: Oswald, sans-serif; font-size: 14px; letter-spacing: 1px;\" \/><span style=\"background-color: #ffffff; caret-color: #111111; color: #111111; font-family: Oswald, sans-serif; font-size: 14px; letter-spacing: 1px;\">Hauptstra\u00dfe 29\u00a0<\/span><br style=\"caret-color: #111111; color: #111111; font-family: Oswald, sans-serif; font-size: 14px; letter-spacing: 1px;\" \/><span style=\"background-color: #ffffff; caret-color: #111111; color: #111111; font-family: Oswald, sans-serif; font-size: 14px; letter-spacing: 1px;\">65795 Hattersheim am Main\u00a0<\/span><br style=\"caret-color: #111111; color: #111111; font-family: Oswald, sans-serif; font-size: 14px; letter-spacing: 1px;\" \/><span style=\"background-color: #ffffff; caret-color: #111111; color: #111111; font-family: Oswald, sans-serif; font-size: 14px; letter-spacing: 1px;\">T: 06190 99 00 90\u00a0<\/span><br style=\"caret-color: #111111; color: #111111; font-family: Oswald, sans-serif; font-size: 14px; letter-spacing: 1px;\" \/><span style=\"background-color: #ffffff; caret-color: #111111; color: #111111; font-family: Oswald, sans-serif; font-size: 14px; letter-spacing: 1px;\">F: 06190 99 00 99\u00a0<\/span><br style=\"caret-color: #111111; color: #111111; font-family: Oswald, sans-serif; font-size: 14px; letter-spacing: 1px;\" \/><span style=\"background-color: #ffffff; caret-color: #111111; color: #111111; font-family: Oswald, sans-serif; font-size: 14px; letter-spacing: 1px;\">E: mail@kulla-architekten.de<\/span><span style=\"background-color: #ffffff; caret-color: #111111; color: #111111; font-family: Oswald, sans-serif; font-size: 14px; letter-spacing: 1px;\"><b><br \/><\/b><\/span><\/p><p><span style=\"background-color: #ffffff; caret-color: #111111; color: #111111; font-family: Oswald, sans-serif; font-size: 14px; letter-spacing: 1px;\"><b>HAFTUNG F\u00dcR INHALTE:<\/b><\/span><span style=\"background-color: #ffffff; caret-color: #111111; color: #111111; font-family: Oswald, sans-serif; font-size: 14px; letter-spacing: 1px;\"><br \/><\/span><\/p><p><span style=\"background-color: #ffffff; caret-color: #111111; color: #111111; font-family: Oswald, sans-serif; font-size: 14px; letter-spacing: 1px;\">Die Inhalte unserer Seiten wurden mit gr\u00f6\u00dfter Sorgfalt erstellt. F\u00fcr die Richtigkeit, Vollst\u00e4ndigkeit und Aktualit\u00e4t der Inhalte k\u00f6nnen wir jedoch keine Gew\u00e4hr \u00fcbernehmen.\u00a0<\/span><br style=\"caret-color: #111111; color: #111111; font-family: Oswald, sans-serif; font-size: 14px; letter-spacing: 1px;\" \/><span style=\"background-color: #ffffff; caret-color: #111111; color: #111111; font-family: Oswald, sans-serif; font-size: 14px; letter-spacing: 1px;\">Als Dienstanbieter sind wir gem\u00e4\u00df \u00a77 Abs.1 TMG f\u00fcr eigenen Inhalt auf diesen Seiten nach den allgemeinen Gesetzen verantwortlich. Nach \u00a7\u00a7 8 bis 10 TMG sind wir als Dienstanbieter jedoch nicht verpflichtet, \u00fcbermittelte oder gespeicherte fremde Informationen zu \u00fcberwachen oder nach Umst\u00e4nden zu forschen, die auf eine rechtswidrige T\u00e4tigkeit hinweisen. Verpflichtungen zur Entfernung oder Sperrung der Nutzung von Informationen nach den allgemeinen Gesetzen bleiben hiervon unber\u00fchrt. Eine diesbez\u00fcgliche Haftung ist jedoch erst ab dem Zeitpunkt der Kenntnis einer konkreten Rechtsverletzung m\u00f6glich. Bei bekannt werden von entsprechenden Rechtsverletzungen werden wir diese Inhalte umgehend entfernen.<\/span><span style=\"background-color: #ffffff; caret-color: #111111; color: #111111; font-family: Oswald, sans-serif; font-size: 14px; letter-spacing: 1px;\"><b><br \/><\/b><\/span><\/p><p><span style=\"background-color: #ffffff; caret-color: #111111; color: #111111; font-family: Oswald, sans-serif; font-size: 14px; letter-spacing: 1px;\"><b>HAFTUNG F\u00dcR LINKS:<\/b><\/span><span style=\"background-color: #ffffff; caret-color: #111111; color: #111111; font-family: Oswald, sans-serif; font-size: 14px; letter-spacing: 1px;\"><br \/><\/span><\/p><p><span style=\"background-color: #ffffff; caret-color: #111111; color: #111111; font-family: Oswald, sans-serif; font-size: 14px; letter-spacing: 1px;\">Unser Angebot enth\u00e4lt Links zu externen Webseiten Dritter, auf deren Inhalte wir keinen Einfluss haben. Deshalb k\u00f6nnen wir f\u00fcr diese fremden Inhalte auch keine Gew\u00e4hr \u00fcbernehmen. F\u00fcr die Inhalte der verlinkten Seiten ist stets der jeweilige Anbieter oder Betreiben der Seiten verantwortlich. Die verlinkten Seiten wurden zum Zeitpunkt der Verlinkung au m\u00f6gliche Rechtsverst\u00f6\u00dfe \u00fcberpr\u00fcft. Rechtswidrige Inhalte waren zum Zeitpunkt der Verlinkung nicht erkennbar, Eine permanente inhaltliche Kontrolle der verlinkten Seiten ist jedoch ohne konkrete Anhaltspunkte einer Rechtsverletzung nicht zumutbar. Bei Bekanntwerden von Rechtsverletzungen werden wir derartige Links umgehend entfernen.\u00a0<\/span><span style=\"background-color: #ffffff; caret-color: #111111; color: #111111; font-family: Oswald, sans-serif; font-size: 14px; letter-spacing: 1px;\"><b><br \/><\/b><\/span><\/p><p><span style=\"background-color: #ffffff; caret-color: #111111; color: #111111; font-family: Oswald, sans-serif; font-size: 14px; letter-spacing: 1px;\"><b>URHEBERRECHT:<\/b><\/span><span style=\"background-color: #ffffff; caret-color: #111111; color: #111111; font-family: Oswald, sans-serif; font-size: 14px; letter-spacing: 1px;\"><br \/><\/span><\/p><p><span style=\"background-color: #ffffff; caret-color: #111111; color: #111111; font-family: Oswald, sans-serif; font-size: 14px; letter-spacing: 1px;\">Die durch die Seitenbetreiber erstellten Inhalte und Werke auf diesen Seiten unterliegenden dem deutschen Urheberrecht. Die Vervielf\u00e4ltigung, Bearbeitung, Verbreitung und jede Art der Verwertung au\u00dferhalb der Grenzen des Urheberrechtes bed\u00fcrfen der schriftliche Zustimmung des jeweiligen Autors bzw. Erstellers. Downloads und Kopien dieser Seite sind nur f\u00fcr den privaten, nichtkommerziellen Gebrauch gestattet. Soweit die Inhalte auf dieser Seite nicht vom Betreiber erstellt wurden, werden die Urheberrechte Dritter beachtet, Insbesondere werden Inhalte Dritter als solche gekennzeichnet. Sollten Sie trotzdem auf eine Urheberrechtsverletzung aufmerksam werden, bitten wir um einen entsprechenden Hinweis. Bei Bekanntwerden von Rechtsverletzungen werden wir derartige Inhalte umgehend entfernen.\u00a0<\/span><span style=\"background-color: #ffffff; caret-color: #111111; color: #111111; font-family: Oswald, sans-serif; font-size: 14px; letter-spacing: 1px;\"><b><br \/><\/b><\/span><\/p><p><span style=\"background-color: #ffffff; caret-color: #111111; color: #111111; font-family: Oswald, sans-serif; font-size: 14px; letter-spacing: 1px;\"><b>GENDER-HINWEIS:<\/b><\/span><span style=\"background-color: #ffffff; caret-color: #111111; color: #111111; font-family: Oswald, sans-serif; font-size: 14px; letter-spacing: 1px;\"><br \/><\/span><\/p><p><span style=\"background-color: #ffffff; caret-color: #111111; color: #111111; font-family: Oswald, sans-serif; font-size: 14px; letter-spacing: 1px;\">Soweit innerhalb unserer Kommunikationsmittel Bezeichnungen f\u00fcr Berufe, Gruppen oder Personen verwendet werden, wird im Interesse einer besseren Lesbarkeit nicht in geschlechtsspezifische Personenbezeichnungen differenziert. S\u00e4mtliche Personenbezeichnungen gelten gleicherma\u00dfen f\u00fcr alle Geschlechter.<\/span><\/p>\t\t\t\t\t\t<\/div>\n\t\t\t\t<\/div>\n\t\t\t\t\t<\/div>\n\t\t<\/div>\n\t\t\t\t\t<\/div>\n\t\t<\/section>\n\t\t\t\t<\/div>\n\t\t","protected":false},"excerpt":{"rendered":"<p>INHABER: Dipl.-Ing. Joachim Kullafreier Architekt ADRESSE: Kulla ArchitektenHauptstra\u00dfe 2965795 Hattersheim am MainT: 06190 99 00 90F: 06190 99 00 99E: mail@kulla-architekten.deAn der Burgkirche 1155218 Ingelheim am RheinT: 06132 71 96 911F: 06132 71 96 912E: mail@kulla-architekten.de STEUERINFORMATIONEN: Steuernummer: 046 83931529Finanzamt HofheimUST-ID: DE165091854 ZUST\u00c4NDIGE KAMMERN: Architekten- &amp; Stadtplanerkammer Hessen,&nbsp;K\u00f6rperschaft des \u00f6ffentlichen RechtsBierst\u00e4dter Stra\u00dfe 265189 WiesbadenT: 0611 [&hellip;]<\/p>\n","protected":false},"author":1,"featured_media":0,"parent":0,"menu_order":0,"comment_status":"closed","ping_status":"closed","template":"page-full-width.php","meta":{"footnotes":""},"_links":{"self":[{"href":"https:\/\/kulla-architekten.de\/index.php?rest_route=\/wp\/v2\/pages\/13961"}],"collection":[{"href":"https:\/\/kulla-architekten.de\/index.php?rest_route=\/wp\/v2\/pages"}],"about":[{"href":"https:\/\/kulla-architekten.de\/index.php?rest_route=\/wp\/v2\/types\/page"}],"author":[{"embeddable":true,"href":"https:\/\/kulla-architekten.de\/index.php?rest_route=\/wp\/v2\/users\/1"}],"replies":[{"embeddable":true,"href":"https:\/\/kulla-architekten.de\/index.php?rest_route=%2Fwp%2Fv2%2Fcomments&post=13961"}],"version-history":[{"count":7,"href":"https:\/\/kulla-architekten.de\/index.php?rest_route=\/wp\/v2\/pages\/13961\/revisions"}],"predecessor-version":[{"id":13968,"href":"https:\/\/kulla-architekten.de\/index.php?rest_route=\/wp\/v2\/pages\/13961\/revisions\/13968"}],"wp:attachment":[{"href":"https:\/\/kulla-architekten.de\/index.php?rest_route=%2Fwp%2Fv2%2Fmedia&parent=13961"}],"curies":[{"name":"wp","href":"https:\/\/api.w.org\/{rel}","templated":true}]}}